{"id":2,"date":"2010-05-26T19:21:55","date_gmt":"2010-05-26T19:21:55","guid":{"rendered":"http:\/\/www.alteisenaufreisen.de\/?page_id=2"},"modified":"2023-02-01T17:26:38","modified_gmt":"2023-02-01T15:26:38","slug":"eine-seite","status":"publish","type":"page","link":"http:\/\/www.alteisenaufreisen.de\/?page_id=2","title":{"rendered":"Die Reisepl\u00e4ne"},"content":{"rendered":"<h4><strong>2022 &#8211; Eine Reise an das n\u00f6rdliche Ende der Welt &#8211; das Nordkap.<\/strong><\/h4>\n<p>Dieses mal soll mich die Perla Negra II mit ihren 150.000 km auf dem Tacho so weit, wie noch nie nach Norden tragen. Es soll bis ans Nordkap gehen! Zur\u00fcck wird der Weg \u00fcber das Baltikum f\u00fchren. Auf der Reise wird mich J\u00fcrgen begleiten. Er ist seit langem immer wieder dabei &#8211; diesmal auf unserer l\u00e4ngsten gemeinsamen Reise.<\/p>\n<p><a href=\"http:\/\/www.alteisenaufreisen.de\/?attachment_id=51089\" rel=\"attachment wp-att-51089\"><img decoding=\"async\" data-attachment-id=\"51089\" data-permalink=\"http:\/\/www.alteisenaufreisen.de\/?attachment_id=51089\" data-orig-file=\"http:\/\/www.alteisenaufreisen.de\/wp-content\/uploads\/Routenplan_Nordkap.jpg\" data-orig-size=\"922,922\" data-comments-opened=\"1\" data-image-meta=\"{&quot;aperture&quot;:&quot;0&quot;,&quot;credit&quot;:&quot;Paul Kage&quot;,&quot;camera&quot;:&quot;&quot;,&quot;caption&quot;:&quot;&quot;,&quot;created_timestamp&quot;:&quot;1654526369&quot;,&quot;copyright&quot;:&quot;&quot;,&quot;focal_length&quot;:&quot;0&quot;,&quot;iso&quot;:&quot;0&quot;,&quot;shutter_speed&quot;:&quot;0&quot;,&quot;title&quot;:&quot;&quot;,&quot;orientation&quot;:&quot;0&quot;}\" data-image-title=\"Routenplan_Nordkap\" data-image-description=\"\" data-image-caption=\"\" data-large-file=\"http:\/\/www.alteisenaufreisen.de\/wp-content\/uploads\/Routenplan_Nordkap.jpg\" class=\"aligncenter size-medium wp-image-51089\" src=\"http:\/\/www.alteisenaufreisen.de\/wp-content\/uploads\/Routenplan_Nordkap-600x600.jpg\" alt=\"\" width=\"600\" height=\"600\" srcset=\"http:\/\/www.alteisenaufreisen.de\/wp-content\/uploads\/Routenplan_Nordkap-600x600.jpg 600w, http:\/\/www.alteisenaufreisen.de\/wp-content\/uploads\/Routenplan_Nordkap-88x88.jpg 88w, http:\/\/www.alteisenaufreisen.de\/wp-content\/uploads\/Routenplan_Nordkap-768x768.jpg 768w, http:\/\/www.alteisenaufreisen.de\/wp-content\/uploads\/Routenplan_Nordkap-100x100.jpg 100w, http:\/\/www.alteisenaufreisen.de\/wp-content\/uploads\/Routenplan_Nordkap.jpg 922w\" sizes=\"(max-width: 600px) 100vw, 600px\" \/><\/a><\/p>\n<hr>\n<p>&nbsp;<\/p>\n<h4>2017 &#8211; wir wollen wieder mal unsere Perla Negra II in Aktion bringen und mit ihr Down Under erfahren.<\/h4>\n<p>Im August 2017 wollen Kathy und ich den letzten, uns noch vollkommen unbekannten Kontinent erkunden. Es zieht uns nach Australien &#8211; eine Insel, die so gro\u00df ist, dass wir sie als einen eigenst\u00e4ndigen Kontinent betrachten.<\/p>\n<p>Unser Plan ist, mit unserem Motorrad das Land einmal zu umkreisen, doch auch das &#8222;Rote Zentrum&#8220; mit Alice Springs, Uluru\/Ayers Rock, den Olgas und dem&nbsp; Kings Canyon steht auf unserer Liste.<\/p>\n<p>Wir starten im S\u00fcdwesten, in Perth\/Westaustralien und fahren im Uhrzeigersinn um die Insel.<\/p>\n<p>Die Reisezeit ist mit Bedacht gew\u00e4hlt, denn wir starten in Perth bei gem\u00e4\u00dfigten &#8218;Wintertemperaturen&#8216;&nbsp; von ca. 8-14\u00b0C in der Nacht und ca. 14-22\u00b0C am Tag. Je weiter wir nach Norden kommen, desto w\u00e4rmer wird es werden, bis wir dann in Darwin mit Nachttemperaturen von 23-27\u00b0C und Tagesh\u00f6chsttemperaturen von 29-31\u00b0C rechnen k\u00f6nnen. Da wir uns dann schon in den Tropen befinden, werden wir noch in der Trockenzeit dort sein und h\u00f6chstens mal einen kleinen Schauer abbekommen. Der gro\u00dfe Regen kommt erst im November, aber bis dahin wollen wir im s\u00fcdlichen Fr\u00fchling fahren.<\/p>\n<p><a href=\"http:\/\/www.alteisenaufreisen.de\/?attachment_id=3770\" rel=\"attachment wp-att-3770\"><img decoding=\"async\" data-attachment-id=\"3770\" data-permalink=\"http:\/\/www.alteisenaufreisen.de\/?attachment_id=3770\" data-orig-file=\"http:\/\/www.alteisenaufreisen.de\/wp-content\/uploads\/2017_07_geplante-Route_Capricorn-2.jpg\" data-orig-size=\"1200,1047\" data-comments-opened=\"1\" data-image-meta=\"{&quot;aperture&quot;:&quot;0&quot;,&quot;credit&quot;:&quot;&quot;,&quot;camera&quot;:&quot;&quot;,&quot;caption&quot;:&quot;&quot;,&quot;created_timestamp&quot;:&quot;0&quot;,&quot;copyright&quot;:&quot;&quot;,&quot;focal_length&quot;:&quot;0&quot;,&quot;iso&quot;:&quot;0&quot;,&quot;shutter_speed&quot;:&quot;0&quot;,&quot;title&quot;:&quot;&quot;,&quot;orientation&quot;:&quot;0&quot;}\" data-image-title=\"2017_07_geplante Route in Australien\" data-image-description=\"\" data-image-caption=\"\" data-large-file=\"http:\/\/www.alteisenaufreisen.de\/wp-content\/uploads\/2017_07_geplante-Route_Capricorn-2.jpg\" class=\"aligncenter size-full wp-image-3770\" src=\"http:\/\/www.alteisenaufreisen.de\/wp-content\/uploads\/2017_07_geplante-Route_Capricorn-2.jpg\" alt=\"\" width=\"1200\" height=\"1047\" srcset=\"http:\/\/www.alteisenaufreisen.de\/wp-content\/uploads\/2017_07_geplante-Route_Capricorn-2.jpg 1200w, http:\/\/www.alteisenaufreisen.de\/wp-content\/uploads\/2017_07_geplante-Route_Capricorn-2-688x600.jpg 688w, http:\/\/www.alteisenaufreisen.de\/wp-content\/uploads\/2017_07_geplante-Route_Capricorn-2-768x670.jpg 768w\" sizes=\"(max-width: 767px) 89vw, (max-width: 1000px) 54vw, (max-width: 1071px) 543px, 580px\" \/><\/a><\/p>\n<p>Die gesamte Strecke wird ohne Umwege etwa 21.000 km betragen, wir rechnen also mit einem Reifenwechsel und einem Service an der Perla Negra II.<\/p>\n<hr>\n<h4>Am Ende des Jahres 2014 liegt unser Ziel wieder im Westen und zwar in der Karibik.<\/h4>\n<p>Wir wollen uns Kuba ansehen &#8211; ein besonders spannendes Land, besonders durch die Brille der Vergangenheit unseres eigenen Landes. Ein Land, das durch die bisherige Embargopolitik der USA weitgehend isoliert ist.<\/p>\n<hr>\n<h4>2014 im Januar, geht es in den Nahen Osten, nach Jordanien, nicht nur wegen Petra.<\/h4>\n<hr>\n<h4>Der Plan f\u00fcr 2013<\/h4>\n<p>wurde lange geschmiedet und soll im Sommer diesen Jahres verwirklicht werden.<\/p>\n<p>In den vergangenen Jahren war Amerika das Ziel ausgedehnter Reisen und auch manchmal sch\u00f6ner und spannender Abenteuer.<\/p>\n<p>In diesem Jahr f\u00fcgt sich den Reisen in die westliche Hemisph\u00e4re eine Reise in den Osten unseres Kontinents an.<\/p>\n<p>Unser Ziel ist, eine ausgedehnte Runde um das Schwarze Meer zu drehen. Ganz anders, als nach Amerika ist hier f\u00fcr den Start weder Schiff noch Flugzeug notwendig &#8211; es gen\u00fcgt, sich auf das Motorrad zu setzen und loszufahren.<\/p>\n<p>Unser Weg soll uns in den Osten der Slowakei f\u00fchren, in Rum\u00e4nien wollen wir dem Karpatenbogen bis nach Sibiu (Hermannstadt) folgen. Vom Donaudelta geht es weiter auf die Krim, von wo wir mit der F\u00e4hre Russland erreichen wollen. Im Norden des Kaukasus wollen wir nach Osten fahren, bis wir in Wladikavkaz auf die Georgische Heerstrasse sto\u00dfen. Sie wird uns dann direkt nach Tiflis in Georgien bringen. Nach einem Abstecher nach Armenien wollen wir an der S\u00fcdseite des Schwarzen Meers bis nach Istanbul fahren. An der Ostseite des Meeres entlang wird uns unsere Route durch Bulgarien, Serbien \u00d6sterreich wieder nach Hause bringen.<\/p>\n<p><a href=\"http:\/\/www.alteisenaufreisen.de\/?attachment_id=2489\" rel=\"attachment wp-att-2489\"><img decoding=\"async\" data-attachment-id=\"2489\" data-permalink=\"http:\/\/www.alteisenaufreisen.de\/?attachment_id=2489\" data-orig-file=\"http:\/\/www.alteisenaufreisen.de\/wp-content\/uploads\/Plan.jpg\" data-orig-size=\"800,362\" data-comments-opened=\"1\" data-image-meta=\"{&quot;aperture&quot;:&quot;0&quot;,&quot;credit&quot;:&quot;&quot;,&quot;camera&quot;:&quot;&quot;,&quot;caption&quot;:&quot;&quot;,&quot;created_timestamp&quot;:&quot;0&quot;,&quot;copyright&quot;:&quot;&quot;,&quot;focal_length&quot;:&quot;0&quot;,&quot;iso&quot;:&quot;0&quot;,&quot;shutter_speed&quot;:&quot;0&quot;,&quot;title&quot;:&quot;&quot;}\" data-image-title=\"Plan\" data-image-description=\"\" data-image-caption=\"\" data-large-file=\"http:\/\/www.alteisenaufreisen.de\/wp-content\/uploads\/Plan-494x223.jpg\" class=\"aligncenter size-large wp-image-2489\" src=\"http:\/\/www.alteisenaufreisen.de\/wp-content\/uploads\/Plan-494x223.jpg\" alt=\"Plan\" width=\"494\" height=\"223\" srcset=\"http:\/\/www.alteisenaufreisen.de\/wp-content\/uploads\/Plan-494x223.jpg 494w, http:\/\/www.alteisenaufreisen.de\/wp-content\/uploads\/Plan-188x85.jpg 188w, http:\/\/www.alteisenaufreisen.de\/wp-content\/uploads\/Plan.jpg 800w\" sizes=\"(max-width: 494px) 100vw, 494px\" \/><\/a><\/p>\n<hr>\n<h4>Es gibt f\u00fcr 2012 einen neuen Plan: &#8222;Wir fahren nach Amerika&#8220;<\/h4>\n<p>Start dieser Tour ist zu Hause. Von hier nehmen wir jeden Kilometer und jede Meile nach der \u00dcberschrift &#8222;Wir fahren nach Amerika&#8220; unter die R\u00e4der. Bis Bremerhaven geht es an der direkten Linie quer durch Deutschland entlang.<\/p>\n<p>In USA starten wir in Charleston, SC um in einem M\u00e4ander entlang der n\u00f6rlichen Spuren der Siedler nach Westen und \u00fcber die Rockies zu gelangen. Von Seattle geht der Weg nordw\u00e4rts bis Alaska. Abh\u00e4ngig vom Wetter und den Strassenbedingungen soll es bis an den Polarkreis gehen. Zur\u00fcck f\u00fchrt uns die Route quer durch Kanada bis nach Montreal und vielleicht nach Quebeck. Von Charleston werden wir wieder zur\u00fcck nach &#8218;Good Old Europe&#8216; fahren. Abschlu\u00df unserer Reise soll wieder die Fahrt quer durch Deutschland sein.<\/p>\n<p><a href=\"http:\/\/www.alteisenaufreisen.de\/?attachment_id=1526\" rel=\"attachment wp-att-1526\"><img decoding=\"async\" data-attachment-id=\"1526\" data-permalink=\"http:\/\/www.alteisenaufreisen.de\/?attachment_id=1526\" data-orig-file=\"http:\/\/www.alteisenaufreisen.de\/wp-content\/uploads\/Bild-Alteisen-in-US-CND-ALASKA_Plan_ges.jpg\" data-orig-size=\"500,235\" data-comments-opened=\"1\" data-image-meta=\"{&quot;aperture&quot;:&quot;0&quot;,&quot;credit&quot;:&quot;&quot;,&quot;camera&quot;:&quot;&quot;,&quot;caption&quot;:&quot;&quot;,&quot;created_timestamp&quot;:&quot;0&quot;,&quot;copyright&quot;:&quot;&quot;,&quot;focal_length&quot;:&quot;0&quot;,&quot;iso&quot;:&quot;0&quot;,&quot;shutter_speed&quot;:&quot;0&quot;,&quot;title&quot;:&quot;&quot;}\" data-image-title=\"Plan 2012: alteisenaufreisen in Deutschland, USA, Alaska und Kanada\" data-image-description=\"\" data-image-caption=\"\" data-large-file=\"http:\/\/www.alteisenaufreisen.de\/wp-content\/uploads\/Bild-Alteisen-in-US-CND-ALASKA_Plan_ges-494x232.jpg\" class=\"aligncenter size-full wp-image-1526\" title=\"Plan 2012: alteisenaufreisen in Deutschland, USA, Alaska und Kanada\" src=\"http:\/\/www.alteisenaufreisen.de\/wp-content\/uploads\/Bild-Alteisen-in-US-CND-ALASKA_Plan_ges.jpg\" alt=\"\" width=\"500\" height=\"235\" srcset=\"http:\/\/www.alteisenaufreisen.de\/wp-content\/uploads\/Bild-Alteisen-in-US-CND-ALASKA_Plan_ges.jpg 500w, http:\/\/www.alteisenaufreisen.de\/wp-content\/uploads\/Bild-Alteisen-in-US-CND-ALASKA_Plan_ges-188x88.jpg 188w, http:\/\/www.alteisenaufreisen.de\/wp-content\/uploads\/Bild-Alteisen-in-US-CND-ALASKA_Plan_ges-494x232.jpg 494w\" sizes=\"(max-width: 500px) 100vw, 500px\" \/><\/a><\/p>\n<hr>\n<h4>Plan 2010\/2011<\/h4>\n<p>Start der Tour wird in Los Angeles\/Californien sein, von wo die Reise an der Westk\u00fcste entlang an die Grenze nach Mexico geht. Um sich an lange Schl\u00e4ge und an w\u00e4rmere Temperaturen zu gew\u00f6hnen, soll es zuerst auf der Baja California nach S\u00fcden und erst nach dem \u00dcbersetzen auf\u2019s Festland ins Hochland von Mexico gehen. Guatemala, Honduras, Nicaragua, Costa Rica und Panama sollen die n\u00e4chsten Stationen sein.<br \/>\nDie \u201aDarien Gap\u2019 (ca. 100 km stra\u00dfenloses Sumpfgebiet zwischen Mittel- und S\u00fcdamerika) zu \u00fcberwinden, um nach Columbien zu gelangen, wird eine gr\u00f6\u00dfere Herausforderung werden. Ecuador, Peru und Bolivien sind fest im Visier und nat\u00fcrlich auch noch Argentinien und Chile.<\/p>\n<p>Viel sehen und viel erleben, Leute kennen lernen, Br\u00e4uche sehen und mitmachen, das habe ich mir vorgenommen.<\/p>\n<p>Den geplanten Weg hab ich mal in die Karte eingezeichnet &#8211; die Strecke wird sich aber sicher \u00e4ndern, mal sehen.<\/p>\n<p><a href=\"http:\/\/www.alteisenaufreisen.de\/wp-content\/uploads\/plan_sa.jpg\"><img decoding=\"async\" data-attachment-id=\"82\" data-permalink=\"http:\/\/www.alteisenaufreisen.de\/?attachment_id=82\" data-orig-file=\"http:\/\/www.alteisenaufreisen.de\/wp-content\/uploads\/plan_sa.jpg\" data-orig-size=\"600,600\" data-comments-opened=\"1\" data-image-meta=\"{&quot;aperture&quot;:&quot;0&quot;,&quot;credit&quot;:&quot;&quot;,&quot;camera&quot;:&quot;&quot;,&quot;caption&quot;:&quot;&quot;,&quot;created_timestamp&quot;:&quot;0&quot;,&quot;copyright&quot;:&quot;&quot;,&quot;focal_length&quot;:&quot;0&quot;,&quot;iso&quot;:&quot;0&quot;,&quot;shutter_speed&quot;:&quot;0&quot;,&quot;title&quot;:&quot;&quot;}\" data-image-title=\"plan_sa\" data-image-description=\"\" data-image-caption=\"\" data-large-file=\"http:\/\/www.alteisenaufreisen.de\/wp-content\/uploads\/plan_sa-494x494.jpg\" class=\"aligncenter size-large wp-image-82\" title=\"plan_sa\" src=\"http:\/\/www.alteisenaufreisen.de\/wp-content\/uploads\/plan_sa-494x494.jpg\" alt=\"Stand 09\/10\" width=\"494\" height=\"494\" srcset=\"http:\/\/www.alteisenaufreisen.de\/wp-content\/uploads\/plan_sa-494x494.jpg 494w, http:\/\/www.alteisenaufreisen.de\/wp-content\/uploads\/plan_sa-88x88.jpg 88w, http:\/\/www.alteisenaufreisen.de\/wp-content\/uploads\/plan_sa-188x188.jpg 188w, http:\/\/www.alteisenaufreisen.de\/wp-content\/uploads\/plan_sa.jpg 600w\" sizes=\"(max-width: 494px) 100vw, 494px\" \/><\/a><\/p>\n","protected":false},"excerpt":{"rendered":"<p>2022 &#8211; Eine Reise an das n\u00f6rdliche Ende der Welt &#8211; das Nordkap. Dieses mal soll mich die Perla Negra II mit ihren 150.000 km auf dem Tacho so weit, wie noch nie nach Norden tragen. Es soll bis ans Nordkap gehen! Zur\u00fcck wird der Weg \u00fcber das Baltikum f\u00fchren. Auf der Reise wird mich &hellip; <\/p>\n<p class=\"link-more\"><a href=\"http:\/\/www.alteisenaufreisen.de\/?page_id=2\" class=\"more-link\"><span class=\"screen-reader-text\">\u201eDie Reisepl\u00e4ne\u201c<\/span> weiterlesen<\/a><\/p>\n","protected":false},"author":1,"featured_media":0,"parent":0,"menu_order":0,"comment_status":"open","ping_status":"open","template":"","meta":{"ngg_post_thumbnail":0,"footnotes":""},"class_list":["post-2","page","type-page","status-publish","hentry"],"jetpack_sharing_enabled":true,"_links":{"self":[{"href":"http:\/\/www.alteisenaufreisen.de\/index.php?rest_route=\/wp\/v2\/pages\/2","targetHints":{"allow":["GET"]}}],"collection":[{"href":"http:\/\/www.alteisenaufreisen.de\/index.php?rest_route=\/wp\/v2\/pages"}],"about":[{"href":"http:\/\/www.alteisenaufreisen.de\/index.php?rest_route=\/wp\/v2\/types\/page"}],"author":[{"embeddable":true,"href":"http:\/\/www.alteisenaufreisen.de\/index.php?rest_route=\/wp\/v2\/users\/1"}],"replies":[{"embeddable":true,"href":"http:\/\/www.alteisenaufreisen.de\/index.php?rest_route=%2Fwp%2Fv2%2Fcomments&post=2"}],"version-history":[{"count":22,"href":"http:\/\/www.alteisenaufreisen.de\/index.php?rest_route=\/wp\/v2\/pages\/2\/revisions"}],"predecessor-version":[{"id":51331,"href":"http:\/\/www.alteisenaufreisen.de\/index.php?rest_route=\/wp\/v2\/pages\/2\/revisions\/51331"}],"wp:attachment":[{"href":"http:\/\/www.alteisenaufreisen.de\/index.php?rest_route=%2Fwp%2Fv2%2Fmedia&parent=2"}],"curies":[{"name":"wp","href":"https:\/\/api.w.org\/{rel}","templated":true}]}}