{"id":42,"date":"2010-09-26T19:42:35","date_gmt":"2010-09-26T17:42:35","guid":{"rendered":"http:\/\/www.alteisenaufreisen.de\/?page_id=42"},"modified":"2023-02-05T14:34:48","modified_gmt":"2023-02-05T12:34:48","slug":"da-mich-da-simon-und-i","status":"publish","type":"page","link":"https:\/\/www.alteisenaufreisen.de\/?page_id=42","title":{"rendered":"\u00dcber alteisenaufreisen und die Wegbegleiter"},"content":{"rendered":"<p style=\"text-align: center;\"><a href=\"http:\/\/www.alteisenaufreisen.de\/wp-content\/uploads\/mein-Blogbild.jpg\"><img decoding=\"async\" data-attachment-id=\"520\" data-permalink=\"https:\/\/www.alteisenaufreisen.de\/?attachment_id=520\" data-orig-file=\"https:\/\/www.alteisenaufreisen.de\/wp-content\/uploads\/mein-Blogbild.jpg\" data-orig-size=\"545,440\" data-comments-opened=\"1\" data-image-meta=\"{&quot;aperture&quot;:&quot;0&quot;,&quot;credit&quot;:&quot;&quot;,&quot;camera&quot;:&quot;&quot;,&quot;caption&quot;:&quot;&quot;,&quot;created_timestamp&quot;:&quot;0&quot;,&quot;copyright&quot;:&quot;&quot;,&quot;focal_length&quot;:&quot;0&quot;,&quot;iso&quot;:&quot;0&quot;,&quot;shutter_speed&quot;:&quot;0&quot;,&quot;title&quot;:&quot;&quot;}\" data-image-title=\"Paul Kage on tour\" data-image-description=\"\" data-image-caption=\"\" data-large-file=\"https:\/\/www.alteisenaufreisen.de\/wp-content\/uploads\/mein-Blogbild-494x398.jpg\" class=\"aligncenter size-large wp-image-520\" title=\"Paul Kage on tour\" src=\"http:\/\/www.alteisenaufreisen.de\/wp-content\/uploads\/mein-Blogbild-494x398.jpg\" alt=\"\" width=\"494\" height=\"398\" srcset=\"https:\/\/www.alteisenaufreisen.de\/wp-content\/uploads\/mein-Blogbild-494x398.jpg 494w, https:\/\/www.alteisenaufreisen.de\/wp-content\/uploads\/mein-Blogbild-188x151.jpg 188w, https:\/\/www.alteisenaufreisen.de\/wp-content\/uploads\/mein-Blogbild.jpg 545w\" sizes=\"(max-width: 494px) 100vw, 494px\" \/><\/a><\/p>\n<p style=\"text-align: left;\">Ich bin Paul Kage.<\/p>\n<p style=\"text-align: left;\">In dem Blog erz\u00e4hle ich meine Geschichten \u00fcber meine Reisen, \u00fcber Begegnungen mit Leuten und \u00fcber Besonderheiten, die mir auf der Stra\u00dfe, in den St\u00e4dten und auf dem Land begegnen.<\/p>\n<p style=\"text-align: left;\">Ich bin somit f\u00fcr den Inhalt des Blogs verantwortlich, nicht jedoch, f\u00fcr die Inhalte der verlinkten Seiten. Und weil jeder Berichterstatter von der Resonanz seiner Leser lebt, freue ich mich \u00fcber jeden Kommentar. Ich werde selbstverst\u00e4ndlich, sobald es geht, antworten. F\u00fcr Fragen aber auch f\u00fcr etwas weniger Mutige steht nat\u00fcrlich auch meine Mailadresse:<br \/>\n&gt;&gt; paul(ad)alteisenaufreisen.de &lt;&lt; zur Verf\u00fcgung.<\/p>\n<p><span style=\"color: #ff9900;\"><em>&gt;&gt; lies die Seite von unten nach oben, um die chronologische Reihenfolge zu sehen &lt;&lt;<\/em><\/span><\/p>\n<p><strong>Erst 2022 gehts wieder auf Tour.<\/strong><\/p>\n<p><strong>Juni und Juli<\/strong> ist die Zeit der andauernden Tage im hohen Norden, der Sommersonnenwende und der Mitternachtssonne. Das ist schon mal ein hoher Anreiz, um mit dem Motorrad zum Nordkap zu fahren. Ein gro\u00dfer Wunsch w\u00e4re dabei halbwegs annehmbares Wetter zu haben. Vor allem aber braucht man f\u00fcr die Fahrt einen erfahrenen und robusten Motorradfahrer, einen, den das Abenteuer dorthin zu kommen ebenso lockt wie mich.<br \/>\nJ\u00fcrgen ist derjeige, der schon lange den Finger gehoben hat, wenn die Rede auf die Nordlandfahrt gekommen ist. Wir packen also unsere warmen Sachen und machen die Mopeds reisefertig.<\/p>\n<p><a href=\"http:\/\/www.alteisenaufreisen.de\/?attachment_id=51382\" rel=\"attachment wp-att-51382\"><img decoding=\"async\" data-attachment-id=\"51382\" data-permalink=\"https:\/\/www.alteisenaufreisen.de\/?attachment_id=51382\" data-orig-file=\"https:\/\/www.alteisenaufreisen.de\/wp-content\/uploads\/Nordkap_500.jpg\" data-orig-size=\"1200,900\" data-comments-opened=\"1\" data-image-meta=\"{&quot;aperture&quot;:&quot;0&quot;,&quot;credit&quot;:&quot;&quot;,&quot;camera&quot;:&quot;&quot;,&quot;caption&quot;:&quot;&quot;,&quot;created_timestamp&quot;:&quot;0&quot;,&quot;copyright&quot;:&quot;&quot;,&quot;focal_length&quot;:&quot;0&quot;,&quot;iso&quot;:&quot;0&quot;,&quot;shutter_speed&quot;:&quot;0&quot;,&quot;title&quot;:&quot;&quot;,&quot;orientation&quot;:&quot;1&quot;}\" data-image-title=\"Nordkap_500\" data-image-description=\"\" data-image-caption=\"\" data-large-file=\"https:\/\/www.alteisenaufreisen.de\/wp-content\/uploads\/Nordkap_500.jpg\" class=\"aligncenter size-medium wp-image-51382\" src=\"http:\/\/www.alteisenaufreisen.de\/wp-content\/uploads\/Nordkap_500-800x600.jpg\" alt=\"\" width=\"800\" height=\"600\" srcset=\"https:\/\/www.alteisenaufreisen.de\/wp-content\/uploads\/Nordkap_500-800x600.jpg 800w, https:\/\/www.alteisenaufreisen.de\/wp-content\/uploads\/Nordkap_500-768x576.jpg 768w, https:\/\/www.alteisenaufreisen.de\/wp-content\/uploads\/Nordkap_500.jpg 1200w\" sizes=\"(max-width: 767px) 89vw, (max-width: 1000px) 54vw, (max-width: 1071px) 543px, 580px\" \/><\/a><\/p>\n<p>&#8212;&#8212;&#8212;&#8212;&#8212;&#8212;&#8212;&#8212;&#8212;&#8212;&#8212;&#8212;&#8212;&#8212;&#8212;<\/p>\n<p>Im <strong>Mai 2022<\/strong> folgt zusammen mit Manfred eine Fotoreise nach Schottland und England<\/p>\n<p><a href=\"http:\/\/www.alteisenaufreisen.de\/?attachment_id=51232\" rel=\"attachment wp-att-51232\"><img decoding=\"async\" data-attachment-id=\"51232\" data-permalink=\"https:\/\/www.alteisenaufreisen.de\/?attachment_id=51232\" data-orig-file=\"https:\/\/www.alteisenaufreisen.de\/wp-content\/uploads\/Schottland_01.jpg\" data-orig-size=\"1200,900\" data-comments-opened=\"1\" data-image-meta=\"{&quot;aperture&quot;:&quot;0&quot;,&quot;credit&quot;:&quot;&quot;,&quot;camera&quot;:&quot;&quot;,&quot;caption&quot;:&quot;&quot;,&quot;created_timestamp&quot;:&quot;0&quot;,&quot;copyright&quot;:&quot;&quot;,&quot;focal_length&quot;:&quot;0&quot;,&quot;iso&quot;:&quot;0&quot;,&quot;shutter_speed&quot;:&quot;0&quot;,&quot;title&quot;:&quot;&quot;,&quot;orientation&quot;:&quot;1&quot;}\" data-image-title=\"Schottland_01\" data-image-description=\"\" data-image-caption=\"\" data-large-file=\"https:\/\/www.alteisenaufreisen.de\/wp-content\/uploads\/Schottland_01.jpg\" class=\"aligncenter size-medium wp-image-51232\" src=\"http:\/\/www.alteisenaufreisen.de\/wp-content\/uploads\/Schottland_01-800x600.jpg\" alt=\"\" width=\"800\" height=\"600\" srcset=\"https:\/\/www.alteisenaufreisen.de\/wp-content\/uploads\/Schottland_01-800x600.jpg 800w, https:\/\/www.alteisenaufreisen.de\/wp-content\/uploads\/Schottland_01-768x576.jpg 768w, https:\/\/www.alteisenaufreisen.de\/wp-content\/uploads\/Schottland_01.jpg 1200w\" sizes=\"(max-width: 767px) 89vw, (max-width: 1000px) 54vw, (max-width: 1071px) 543px, 580px\" \/><\/a><\/p>\n<p>&#8212;&#8212;&#8212;&#8212;&#8212;&#8212;&#8212;&#8212;&#8212;&#8212;&#8212;&#8212;&#8212;&#8212;&#8212;-<\/p>\n<p>Im <strong>April 2022<\/strong> nehme ich als erstes, Spanien unter die Motorradr\u00e4der und starte mit Koni und Heini in den spanischen Fr\u00fchling.<\/p>\n<p><a href=\"http:\/\/www.alteisenaufreisen.de\/?attachment_id=51231\" rel=\"attachment wp-att-51231\"><img decoding=\"async\" data-attachment-id=\"51231\" data-permalink=\"https:\/\/www.alteisenaufreisen.de\/?attachment_id=51231\" data-orig-file=\"https:\/\/www.alteisenaufreisen.de\/wp-content\/uploads\/ESP_02-1.jpg\" data-orig-size=\"1200,800\" data-comments-opened=\"1\" data-image-meta=\"{&quot;aperture&quot;:&quot;0&quot;,&quot;credit&quot;:&quot;&quot;,&quot;camera&quot;:&quot;&quot;,&quot;caption&quot;:&quot;&quot;,&quot;created_timestamp&quot;:&quot;0&quot;,&quot;copyright&quot;:&quot;&quot;,&quot;focal_length&quot;:&quot;0&quot;,&quot;iso&quot;:&quot;0&quot;,&quot;shutter_speed&quot;:&quot;0&quot;,&quot;title&quot;:&quot;&quot;,&quot;orientation&quot;:&quot;1&quot;}\" data-image-title=\"ESP_02\" data-image-description=\"\" data-image-caption=\"\" data-large-file=\"https:\/\/www.alteisenaufreisen.de\/wp-content\/uploads\/ESP_02-1.jpg\" class=\"aligncenter size-medium wp-image-51231\" src=\"http:\/\/www.alteisenaufreisen.de\/wp-content\/uploads\/ESP_02-1-800x533.jpg\" alt=\"\" width=\"800\" height=\"533\" srcset=\"https:\/\/www.alteisenaufreisen.de\/wp-content\/uploads\/ESP_02-1-800x533.jpg 800w, https:\/\/www.alteisenaufreisen.de\/wp-content\/uploads\/ESP_02-1-768x512.jpg 768w, https:\/\/www.alteisenaufreisen.de\/wp-content\/uploads\/ESP_02-1.jpg 1200w\" sizes=\"(max-width: 767px) 89vw, (max-width: 1000px) 54vw, (max-width: 1071px) 543px, 580px\" \/><\/a><\/p>\n<p>&#8212;&#8212;&#8212;&#8212;&#8212;&#8212;&#8212;&#8212;&#8212;&#8212;&#8212;&#8212;&#8212;&#8212;-<\/p>\n<p><strong>2017 Australien begleitet mich meine Frau Kathy als Sozia<\/strong><\/p>\n<p>Sie ist, wie schon auf der Amerika-Reise f\u00fcr die sch\u00f6nen Close-Ups und die Bilder vom fahrenden Motorrad aus &#8218;zust\u00e4ndig&#8216;. Sie w\u00e4ren ohne sie nie entstanden.<\/p>\n<p><a href=\"http:\/\/www.alteisenaufreisen.de\/?attachment_id=51230\" rel=\"attachment wp-att-51230\"><img decoding=\"async\" data-attachment-id=\"51230\" data-permalink=\"https:\/\/www.alteisenaufreisen.de\/?attachment_id=51230\" data-orig-file=\"https:\/\/www.alteisenaufreisen.de\/wp-content\/uploads\/20171208-DSC_8061.jpg\" data-orig-size=\"800,533\" data-comments-opened=\"1\" data-image-meta=\"{&quot;aperture&quot;:&quot;3.5&quot;,&quot;credit&quot;:&quot;&quot;,&quot;camera&quot;:&quot;NIKON 1 J5&quot;,&quot;caption&quot;:&quot;&quot;,&quot;created_timestamp&quot;:&quot;1512742083&quot;,&quot;copyright&quot;:&quot;&quot;,&quot;focal_length&quot;:&quot;10&quot;,&quot;iso&quot;:&quot;160&quot;,&quot;shutter_speed&quot;:&quot;0.0004&quot;,&quot;title&quot;:&quot;&quot;,&quot;orientation&quot;:&quot;0&quot;}\" data-image-title=\"20171208-DSC_8061\" data-image-description=\"\" data-image-caption=\"\" data-large-file=\"https:\/\/www.alteisenaufreisen.de\/wp-content\/uploads\/20171208-DSC_8061.jpg\" class=\"aligncenter size-full wp-image-51230\" src=\"http:\/\/www.alteisenaufreisen.de\/wp-content\/uploads\/20171208-DSC_8061.jpg\" alt=\"\" width=\"800\" height=\"533\" srcset=\"https:\/\/www.alteisenaufreisen.de\/wp-content\/uploads\/20171208-DSC_8061.jpg 800w, https:\/\/www.alteisenaufreisen.de\/wp-content\/uploads\/20171208-DSC_8061-768x512.jpg 768w\" sizes=\"(max-width: 767px) 89vw, (max-width: 1000px) 54vw, (max-width: 1071px) 543px, 580px\" \/><\/a><\/p>\n<p><strong>Meine Reisebegleiter auf dem Weg um das Schwarze Meer 2013<\/strong>:<\/p>\n<p>Auf dieser Reise gibt es eine vollkommen neue Konstellation. Dieses Mal werden vier Motorradfahrer auf Achse sein und daf\u00fcr sorgen, dass es uns nicht langweilig wird. Die Strecke wird ihr \u00dcbriges tun.<\/p>\n<p>Meine drei Begleiter sind<\/p>\n<p>Klaus,<\/p>\n<p style=\"text-align: left;\"><a href=\"http:\/\/www.alteisenaufreisen.de\/?attachment_id=2488\" rel=\"attachment wp-att-2488\"><img decoding=\"async\" data-attachment-id=\"2488\" data-permalink=\"https:\/\/www.alteisenaufreisen.de\/?attachment_id=2488\" data-orig-file=\"https:\/\/www.alteisenaufreisen.de\/wp-content\/uploads\/Klaus.jpg\" data-orig-size=\"800,700\" data-comments-opened=\"1\" data-image-meta=\"{&quot;aperture&quot;:&quot;3.3&quot;,&quot;credit&quot;:&quot;&quot;,&quot;camera&quot;:&quot;DMC-FH20&quot;,&quot;caption&quot;:&quot;&quot;,&quot;created_timestamp&quot;:&quot;1372004454&quot;,&quot;copyright&quot;:&quot;&quot;,&quot;focal_length&quot;:&quot;5&quot;,&quot;iso&quot;:&quot;80&quot;,&quot;shutter_speed&quot;:&quot;0.002&quot;,&quot;title&quot;:&quot;&quot;}\" data-image-title=\"Klaus\" data-image-description=\"\" data-image-caption=\"\" data-large-file=\"https:\/\/www.alteisenaufreisen.de\/wp-content\/uploads\/Klaus-494x432.jpg\" class=\"aligncenter size-large wp-image-2488\" src=\"http:\/\/www.alteisenaufreisen.de\/wp-content\/uploads\/Klaus-494x432.jpg\" alt=\"Klaus\" width=\"494\" height=\"432\" srcset=\"https:\/\/www.alteisenaufreisen.de\/wp-content\/uploads\/Klaus-494x432.jpg 494w, https:\/\/www.alteisenaufreisen.de\/wp-content\/uploads\/Klaus-188x164.jpg 188w, https:\/\/www.alteisenaufreisen.de\/wp-content\/uploads\/Klaus-685x600.jpg 685w, https:\/\/www.alteisenaufreisen.de\/wp-content\/uploads\/Klaus.jpg 800w\" sizes=\"(max-width: 494px) 100vw, 494px\" \/><\/a><\/p>\n<p>der sich mit dem Eintritt in eine neue Lebensphase den Traum erf\u00fcllt, eine l\u00e4ngere Motorradtour zu unternehmen. Dazu kommt<\/p>\n<p style=\"text-align: left;\">Fritz,<\/p>\n<p style=\"text-align: left;\"><a href=\"http:\/\/www.alteisenaufreisen.de\/?attachment_id=2487\" rel=\"attachment wp-att-2487\"><img decoding=\"async\" data-attachment-id=\"2487\" data-permalink=\"https:\/\/www.alteisenaufreisen.de\/?attachment_id=2487\" data-orig-file=\"https:\/\/www.alteisenaufreisen.de\/wp-content\/uploads\/Fritz.jpg\" data-orig-size=\"800,600\" data-comments-opened=\"1\" data-image-meta=\"{&quot;aperture&quot;:&quot;3.3&quot;,&quot;credit&quot;:&quot;&quot;,&quot;camera&quot;:&quot;DMC-FH20&quot;,&quot;caption&quot;:&quot;&quot;,&quot;created_timestamp&quot;:&quot;1372004449&quot;,&quot;copyright&quot;:&quot;&quot;,&quot;focal_length&quot;:&quot;5&quot;,&quot;iso&quot;:&quot;80&quot;,&quot;shutter_speed&quot;:&quot;0.005&quot;,&quot;title&quot;:&quot;&quot;}\" data-image-title=\"Fritz\" data-image-description=\"\" data-image-caption=\"\" data-large-file=\"https:\/\/www.alteisenaufreisen.de\/wp-content\/uploads\/Fritz-494x370.jpg\" class=\"aligncenter size-large wp-image-2487\" src=\"http:\/\/www.alteisenaufreisen.de\/wp-content\/uploads\/Fritz-494x370.jpg\" alt=\"Fritz\" width=\"494\" height=\"370\" srcset=\"https:\/\/www.alteisenaufreisen.de\/wp-content\/uploads\/Fritz-494x370.jpg 494w, https:\/\/www.alteisenaufreisen.de\/wp-content\/uploads\/Fritz-188x141.jpg 188w, https:\/\/www.alteisenaufreisen.de\/wp-content\/uploads\/Fritz.jpg 800w\" sizes=\"(max-width: 494px) 100vw, 494px\" \/><\/a><\/p>\n<p>der nach vielen Jahren auf einem Produkt aus Milwaukee erkannt hat, dass solche Touren mit einem bayrischen Produkt sch\u00f6ner zu fahren sind und<\/p>\n<p><a href=\"http:\/\/www.old-lionell-on-tour.de\" target=\"_blank\" rel=\"noopener\">Christoph<\/a>,<\/p>\n<p><a href=\"http:\/\/www.alteisenaufreisen.de\/?attachment_id=2486\" rel=\"attachment wp-att-2486\"><img decoding=\"async\" data-attachment-id=\"2486\" data-permalink=\"https:\/\/www.alteisenaufreisen.de\/?attachment_id=2486\" data-orig-file=\"https:\/\/www.alteisenaufreisen.de\/wp-content\/uploads\/Christoph.jpg\" data-orig-size=\"800,600\" data-comments-opened=\"1\" data-image-meta=\"{&quot;aperture&quot;:&quot;3.3&quot;,&quot;credit&quot;:&quot;&quot;,&quot;camera&quot;:&quot;DMC-FH20&quot;,&quot;caption&quot;:&quot;&quot;,&quot;created_timestamp&quot;:&quot;1372004441&quot;,&quot;copyright&quot;:&quot;&quot;,&quot;focal_length&quot;:&quot;5&quot;,&quot;iso&quot;:&quot;80&quot;,&quot;shutter_speed&quot;:&quot;0.0025&quot;,&quot;title&quot;:&quot;&quot;}\" data-image-title=\"Christoph\" data-image-description=\"\" data-image-caption=\"\" data-large-file=\"https:\/\/www.alteisenaufreisen.de\/wp-content\/uploads\/Christoph-494x370.jpg\" class=\"aligncenter size-large wp-image-2486\" src=\"http:\/\/www.alteisenaufreisen.de\/wp-content\/uploads\/Christoph-494x370.jpg\" alt=\"Christoph\" width=\"494\" height=\"370\" srcset=\"https:\/\/www.alteisenaufreisen.de\/wp-content\/uploads\/Christoph-494x370.jpg 494w, https:\/\/www.alteisenaufreisen.de\/wp-content\/uploads\/Christoph-188x141.jpg 188w, https:\/\/www.alteisenaufreisen.de\/wp-content\/uploads\/Christoph.jpg 800w\" sizes=\"(max-width: 494px) 100vw, 494px\" \/><\/a><\/p>\n<p>der wissen m\u00f6chte, wie es ist, so lang unterwegs zu sein und daf\u00fcr das richtige Motorrad in seinen Stall (Garage) gestellt hat.<\/p>\n<p>Unser besonderer Gast auf der Reise wird f\u00fcr die erste Woche Tobias sein,<\/p>\n<p><a href=\"http:\/\/www.alteisenaufreisen.de\/?attachment_id=2493\" rel=\"attachment wp-att-2493\"><img decoding=\"async\" data-attachment-id=\"2493\" data-permalink=\"https:\/\/www.alteisenaufreisen.de\/?attachment_id=2493\" data-orig-file=\"https:\/\/www.alteisenaufreisen.de\/wp-content\/uploads\/Tobi1.jpg\" data-orig-size=\"800,582\" data-comments-opened=\"1\" data-image-meta=\"{&quot;aperture&quot;:&quot;9&quot;,&quot;credit&quot;:&quot;&quot;,&quot;camera&quot;:&quot;Canon EOS 300D DIGITAL&quot;,&quot;caption&quot;:&quot;&quot;,&quot;created_timestamp&quot;:&quot;1157911625&quot;,&quot;copyright&quot;:&quot;&quot;,&quot;focal_length&quot;:&quot;200&quot;,&quot;iso&quot;:&quot;100&quot;,&quot;shutter_speed&quot;:&quot;0.002&quot;,&quot;title&quot;:&quot;&quot;}\" data-image-title=\"Tobi\" data-image-description=\"\" data-image-caption=\"\" data-large-file=\"https:\/\/www.alteisenaufreisen.de\/wp-content\/uploads\/Tobi1-494x359.jpg\" class=\"aligncenter size-large wp-image-2493\" src=\"http:\/\/www.alteisenaufreisen.de\/wp-content\/uploads\/Tobi1-494x359.jpg\" alt=\"Tobi\" width=\"494\" height=\"359\" srcset=\"https:\/\/www.alteisenaufreisen.de\/wp-content\/uploads\/Tobi1-494x359.jpg 494w, https:\/\/www.alteisenaufreisen.de\/wp-content\/uploads\/Tobi1-188x136.jpg 188w, https:\/\/www.alteisenaufreisen.de\/wp-content\/uploads\/Tobi1.jpg 800w\" sizes=\"(max-width: 494px) 100vw, 494px\" \/><\/a><\/p>\n<p>er hat sich die Perla Negra vorgenommen und will sie nach der Reise durch S\u00fcdamerika wieder ins &#8218;Reiseleben&#8216; zur\u00fcck holen. Er wird mit uns bis nach Rum\u00e4nien fahren und sich und der alten Dame auf diese Weise ein wenig Reiseluft verschaffen.<\/p>\n<p>&nbsp;<\/p>\n<p style=\"text-align: left;\"><strong>Meine Reisebegleiterin auf der Nordamerikareise 2012 und in Australien 2017 :<\/strong><\/p>\n<p style=\"text-align: left;\">Auf diesen Reisen bin ich nie alleine unterwegs, denn meine Frau Kathy begleitet mich als Sozia. Wir fahren &#8218;two-up&#8216; wie die Amerikaner sagen.<\/p>\n<p style=\"text-align: left;\"><a href=\"http:\/\/www.alteisenaufreisen.de\/?attachment_id=1531\" rel=\"attachment wp-att-1531\"><img decoding=\"async\" data-attachment-id=\"1531\" data-permalink=\"https:\/\/www.alteisenaufreisen.de\/?attachment_id=1531\" data-orig-file=\"https:\/\/www.alteisenaufreisen.de\/wp-content\/uploads\/Kathy-1-von-1.jpg\" data-orig-size=\"375,500\" data-comments-opened=\"1\" data-image-meta=\"{&quot;aperture&quot;:&quot;8&quot;,&quot;credit&quot;:&quot;&quot;,&quot;camera&quot;:&quot;Canon DIGITAL IXUS 950 IS&quot;,&quot;caption&quot;:&quot;&quot;,&quot;created_timestamp&quot;:&quot;1275652295&quot;,&quot;copyright&quot;:&quot;&quot;,&quot;focal_length&quot;:&quot;5.8&quot;,&quot;iso&quot;:&quot;200&quot;,&quot;shutter_speed&quot;:&quot;0.003125&quot;,&quot;title&quot;:&quot;&quot;}\" data-image-title=\"Wir beide \" data-image-description=\"\" data-image-caption=\"\" data-large-file=\"https:\/\/www.alteisenaufreisen.de\/wp-content\/uploads\/Kathy-1-von-1-370x494.jpg\" class=\"aligncenter size-full wp-image-1531\" title=\"Wir beide \" src=\"http:\/\/www.alteisenaufreisen.de\/wp-content\/uploads\/Kathy-1-von-1.jpg\" alt=\"\" width=\"375\" height=\"500\" srcset=\"https:\/\/www.alteisenaufreisen.de\/wp-content\/uploads\/Kathy-1-von-1.jpg 375w, https:\/\/www.alteisenaufreisen.de\/wp-content\/uploads\/Kathy-1-von-1-141x188.jpg 141w, https:\/\/www.alteisenaufreisen.de\/wp-content\/uploads\/Kathy-1-von-1-370x494.jpg 370w\" sizes=\"(max-width: 375px) 100vw, 375px\" \/><\/a><\/p>\n<p style=\"text-align: left;\">Gemeinsam &#8218;erfahren&#8216; wir den Norden des Doppelkontinents und teilen alle Erlebnisse genauso, wie wir es auf der Runde um den Kontinent Down Under, unserem Land Oz tun.<\/p>\n<p style=\"text-align: left;\">&#8212;&#8212;&#8212;&#8212;&#8212;&#8212;&#8212;&#8212;&#8212;&#8212;&#8212;&#8212;&#8212;&#8212;&#8212;&#8212;&#8212;&#8212;&#8212;&#8212;&#8212;&#8212;&#8212;&#8212;&#8212;&#8212;&#8212;&#8212;&#8212;&#8212;&#8212;&#8212;&#8212;&#8212;&#8212;&#8212;-<\/p>\n<p style=\"text-align: left;\"><strong>Meine Reisebegleiter in Lateinamerika 2010\/2011<\/strong><\/p>\n<p style=\"text-align: left;\">Vom Beginn der Reise in Los Angeles bis nach Panama begleiten mich Mich und Simon.<\/p>\n<p style=\"text-align: left;\"><a href=\"http:\/\/www.alteisenaufreisen.de\/?attachment_id=532\" rel=\"attachment wp-att-532\"><img decoding=\"async\" data-attachment-id=\"532\" data-permalink=\"https:\/\/www.alteisenaufreisen.de\/?attachment_id=532\" data-orig-file=\"https:\/\/www.alteisenaufreisen.de\/wp-content\/uploads\/Panama-07.jpg\" data-orig-size=\"800,533\" data-comments-opened=\"1\" data-image-meta=\"{&quot;aperture&quot;:&quot;11&quot;,&quot;credit&quot;:&quot;&quot;,&quot;camera&quot;:&quot;Canon EOS 400D DIGITAL&quot;,&quot;caption&quot;:&quot;&quot;,&quot;created_timestamp&quot;:&quot;1292155220&quot;,&quot;copyright&quot;:&quot;&quot;,&quot;focal_length&quot;:&quot;15&quot;,&quot;iso&quot;:&quot;200&quot;,&quot;shutter_speed&quot;:&quot;0.0025&quot;,&quot;title&quot;:&quot;&quot;}\" data-image-title=\"Abschiedsfoto\" data-image-description=\"\" data-image-caption=\"\" data-large-file=\"https:\/\/www.alteisenaufreisen.de\/wp-content\/uploads\/Panama-07-494x329.jpg\" class=\"aligncenter size-large wp-image-532\" title=\"Abschiedsfoto\" src=\"http:\/\/www.alteisenaufreisen.de\/wp-content\/uploads\/Panama-07-494x329.jpg\" alt=\"\" width=\"494\" height=\"329\" srcset=\"https:\/\/www.alteisenaufreisen.de\/wp-content\/uploads\/Panama-07-494x329.jpg 494w, https:\/\/www.alteisenaufreisen.de\/wp-content\/uploads\/Panama-07-188x125.jpg 188w, https:\/\/www.alteisenaufreisen.de\/wp-content\/uploads\/Panama-07.jpg 800w\" sizes=\"(max-width: 494px) 100vw, 494px\" \/><\/a><\/p>\n<p style=\"text-align: left;\">Sie sind am 17.Dezember 2010 wieder nach Hause gefahren .<\/p>\n<p style=\"text-align: left;\">Seit dem 23.Dezember 2010 bin ich mit Shane aus Chicago unterwegs. Wir haben uns an einem Erdrutsch im S\u00fcden Kolumbiens getroffen. Er f\u00e4hrt auf einer F 650 GS (die gute Einzylindermaschiene). <a href=\"http:\/\/www.alteisenaufreisen.de\/wp-content\/uploads\/Shane.jpg\"><img decoding=\"async\" data-attachment-id=\"677\" data-permalink=\"https:\/\/www.alteisenaufreisen.de\/?attachment_id=677\" data-orig-file=\"https:\/\/www.alteisenaufreisen.de\/wp-content\/uploads\/Shane.jpg\" data-orig-size=\"800,1200\" data-comments-opened=\"1\" data-image-meta=\"{&quot;aperture&quot;:&quot;11&quot;,&quot;credit&quot;:&quot;&quot;,&quot;camera&quot;:&quot;Canon EOS 400D DIGITAL&quot;,&quot;caption&quot;:&quot;&quot;,&quot;created_timestamp&quot;:&quot;1293277677&quot;,&quot;copyright&quot;:&quot;&quot;,&quot;focal_length&quot;:&quot;35&quot;,&quot;iso&quot;:&quot;200&quot;,&quot;shutter_speed&quot;:&quot;0.005&quot;,&quot;title&quot;:&quot;&quot;}\" data-image-title=\"Shane\" data-image-description=\"\" data-image-caption=\"\" data-large-file=\"https:\/\/www.alteisenaufreisen.de\/wp-content\/uploads\/Shane-329x494.jpg\" class=\"aligncenter size-large wp-image-677\" title=\"Shane\" src=\"http:\/\/www.alteisenaufreisen.de\/wp-content\/uploads\/Shane-329x494.jpg\" alt=\"\" width=\"329\" height=\"494\" srcset=\"https:\/\/www.alteisenaufreisen.de\/wp-content\/uploads\/Shane-329x494.jpg 329w, https:\/\/www.alteisenaufreisen.de\/wp-content\/uploads\/Shane-125x188.jpg 125w, https:\/\/www.alteisenaufreisen.de\/wp-content\/uploads\/Shane-400x600.jpg 400w, https:\/\/www.alteisenaufreisen.de\/wp-content\/uploads\/Shane.jpg 800w\" sizes=\"(max-width: 329px) 100vw, 329px\" \/><\/a><\/p>\n<p style=\"text-align: left;\">Seit dem 22. Januar 2011 f\u00e4hrt Shane von Arequipa auf der direkten Route nach Santiago de Chile.<\/p>\n<p style=\"text-align: left;\">F\u00fcr mich geht es Solo von Arequipa zur\u00fcck an den Titcaca See und von dort weiter nach Bolivien, Chile, Argentinien, Paraguay, Brasilien und Uruguay &#8211; also bis zum Ende der S\u00fcdamerika Tour.<\/p>\n","protected":false},"excerpt":{"rendered":"<p>Ich bin Paul Kage. In dem Blog erz\u00e4hle ich meine Geschichten \u00fcber meine Reisen, \u00fcber Begegnungen mit Leuten und \u00fcber Besonderheiten, die mir auf der Stra\u00dfe, in den St\u00e4dten und auf dem Land begegnen. Ich bin somit f\u00fcr den Inhalt des Blogs verantwortlich, nicht jedoch, f\u00fcr die Inhalte der verlinkten Seiten. Und weil jeder Berichterstatter &hellip; <\/p>\n<p class=\"link-more\"><a href=\"https:\/\/www.alteisenaufreisen.de\/?page_id=42\" class=\"more-link\"><span class=\"screen-reader-text\">\u201e\u00dcber alteisenaufreisen und die Wegbegleiter\u201c<\/span> weiterlesen<\/a><\/p>\n","protected":false},"author":2,"featured_media":0,"parent":0,"menu_order":0,"comment_status":"open","ping_status":"open","template":"","meta":{"ngg_post_thumbnail":0,"footnotes":""},"class_list":["post-42","page","type-page","status-publish","hentry"],"jetpack_sharing_enabled":true,"_links":{"self":[{"href":"https:\/\/www.alteisenaufreisen.de\/index.php?rest_route=\/wp\/v2\/pages\/42","targetHints":{"allow":["GET"]}}],"collection":[{"href":"https:\/\/www.alteisenaufreisen.de\/index.php?rest_route=\/wp\/v2\/pages"}],"about":[{"href":"https:\/\/www.alteisenaufreisen.de\/index.php?rest_route=\/wp\/v2\/types\/page"}],"author":[{"embeddable":true,"href":"https:\/\/www.alteisenaufreisen.de\/index.php?rest_route=\/wp\/v2\/users\/2"}],"replies":[{"embeddable":true,"href":"https:\/\/www.alteisenaufreisen.de\/index.php?rest_route=%2Fwp%2Fv2%2Fcomments&post=42"}],"version-history":[{"count":46,"href":"https:\/\/www.alteisenaufreisen.de\/index.php?rest_route=\/wp\/v2\/pages\/42\/revisions"}],"predecessor-version":[{"id":52030,"href":"https:\/\/www.alteisenaufreisen.de\/index.php?rest_route=\/wp\/v2\/pages\/42\/revisions\/52030"}],"wp:attachment":[{"href":"https:\/\/www.alteisenaufreisen.de\/index.php?rest_route=%2Fwp%2Fv2%2Fmedia&parent=42"}],"curies":[{"name":"wp","href":"https:\/\/api.w.org\/{rel}","templated":true}]}}